{"id":140,"date":"2015-05-10T20:54:10","date_gmt":"2015-05-10T20:54:10","guid":{"rendered":"http:\/\/sportunion-sachseln.ch\/?page_id=140"},"modified":"2026-03-09T21:07:55","modified_gmt":"2026-03-09T19:07:55","slug":"aktiv-plus-2","status":"publish","type":"page","link":"https:\/\/sportunion-sachseln.ch\/?page_id=140","title":{"rendered":"Aktiv Plus"},"content":{"rendered":"<h5>Turnhalle Mattli<\/h5>\n<p>Einstieg jederzeit m\u00f6glich<br \/>Mittwoch 19.00 \u2013 20.00 Uhr<\/p>\n<p><strong>Bewusst bewegend das Leben pflegen<\/strong> Wir trainieren den Herzkreislauf in angemessenem Tempo und erfahren mit k\u00f6rperbewusster Gymnastik die eigenen Beweglichkeit ohne uns zu \u00fcberfordern. Die Sportlichkeit, der Humor und das herzliche Klima unserer Turnerinnen best\u00e4tigen, dass Kraft, Koordination und Beweglichkeit die k\u00f6rperliche und geistige Aktivit\u00e4t im Alltag erleichtern.<\/p>\n<p>Auskunft und Anmeldungen an Bernadette Spichtig, Mail: spichtig.b@bluewin.ch<\/p>\n<h5>Unter der Leitung von<\/h5>\n<p><strong>Bernadette Spichtig<br \/><\/strong><strong><strong>Vreny Scherer<\/strong><\/strong><\/p>\n<p>E-Mail: info@sportunion-sachseln.ch<\/p>\n\n\n<figure class=\"wp-block-image size-large is-resized\"><img loading=\"lazy\" src=\"http:\/\/sportunion-sachseln.ch\/wp-content\/uploads\/2022\/01\/DSC_0399-min-2-805x1024.jpg\" alt=\"\" class=\"wp-image-2248\" width=\"172\" height=\"218\" srcset=\"https:\/\/sportunion-sachseln.ch\/wp-content\/uploads\/2022\/01\/DSC_0399-min-2-805x1024.jpg 805w, https:\/\/sportunion-sachseln.ch\/wp-content\/uploads\/2022\/01\/DSC_0399-min-2-236x300.jpg 236w, https:\/\/sportunion-sachseln.ch\/wp-content\/uploads\/2022\/01\/DSC_0399-min-2-768x977.jpg 768w, https:\/\/sportunion-sachseln.ch\/wp-content\/uploads\/2022\/01\/DSC_0399-min-2-1208x1536.jpg 1208w, https:\/\/sportunion-sachseln.ch\/wp-content\/uploads\/2022\/01\/DSC_0399-min-2-1610x2048.jpg 1610w, https:\/\/sportunion-sachseln.ch\/wp-content\/uploads\/2022\/01\/DSC_0399-min-2-scaled.jpg 2013w\" sizes=\"(max-width: 172px) 100vw, 172px\" \/><figcaption>Bernadette Spichtig<\/figcaption><\/figure>\n\n\n\n<figure class=\"wp-block-image size-large is-resized\"><img loading=\"lazy\" src=\"http:\/\/sportunion-sachseln.ch\/wp-content\/uploads\/2022\/01\/DSC_0351-min-2-764x1024.jpg\" alt=\"\" class=\"wp-image-2249\" width=\"165\" height=\"221\" srcset=\"https:\/\/sportunion-sachseln.ch\/wp-content\/uploads\/2022\/01\/DSC_0351-min-2-764x1024.jpg 764w, https:\/\/sportunion-sachseln.ch\/wp-content\/uploads\/2022\/01\/DSC_0351-min-2-224x300.jpg 224w, https:\/\/sportunion-sachseln.ch\/wp-content\/uploads\/2022\/01\/DSC_0351-min-2-768x1030.jpg 768w, https:\/\/sportunion-sachseln.ch\/wp-content\/uploads\/2022\/01\/DSC_0351-min-2-1145x1536.jpg 1145w, https:\/\/sportunion-sachseln.ch\/wp-content\/uploads\/2022\/01\/DSC_0351-min-2-1527x2048.jpg 1527w, https:\/\/sportunion-sachseln.ch\/wp-content\/uploads\/2022\/01\/DSC_0351-min-2-scaled.jpg 1909w\" sizes=\"(max-width: 165px) 100vw, 165px\" \/><figcaption>Vreny Scherer<\/figcaption><\/figure>\n\n\n\n<p><\/p>\n\n\n\n<p><\/p>\n","protected":false},"excerpt":{"rendered":"<p>Turnhalle Mattli Einstieg jederzeit m\u00f6glichMittwoch 19.00 \u2013 20.00 Uhr Bewusst bewegend das Leben pflegen Wir trainieren den Herzkreislauf in angemessenem Tempo und erfahren mit k\u00f6rperbewusster Gymnastik die eigenen Beweglichkeit ohne uns zu \u00fcberfordern. Die Sportlichkeit, der Humor und das herzliche&hellip; <\/p>\n","protected":false},"author":1,"featured_media":0,"parent":0,"menu_order":0,"comment_status":"closed","ping_status":"closed","template":"","meta":[],"_links":{"self":[{"href":"https:\/\/sportunion-sachseln.ch\/index.php?rest_route=\/wp\/v2\/pages\/140"}],"collection":[{"href":"https:\/\/sportunion-sachseln.ch\/index.php?rest_route=\/wp\/v2\/pages"}],"about":[{"href":"https:\/\/sportunion-sachseln.ch\/index.php?rest_route=\/wp\/v2\/types\/page"}],"author":[{"embeddable":true,"href":"https:\/\/sportunion-sachseln.ch\/index.php?rest_route=\/wp\/v2\/users\/1"}],"replies":[{"embeddable":true,"href":"https:\/\/sportunion-sachseln.ch\/index.php?rest_route=%2Fwp%2Fv2%2Fcomments&post=140"}],"version-history":[{"count":8,"href":"https:\/\/sportunion-sachseln.ch\/index.php?rest_route=\/wp\/v2\/pages\/140\/revisions"}],"predecessor-version":[{"id":2995,"href":"https:\/\/sportunion-sachseln.ch\/index.php?rest_route=\/wp\/v2\/pages\/140\/revisions\/2995"}],"wp:attachment":[{"href":"https:\/\/sportunion-sachseln.ch\/index.php?rest_route=%2Fwp%2Fv2%2Fmedia&parent=140"}],"curies":[{"name":"wp","href":"https:\/\/api.w.org\/{rel}","templated":true}]}}